{"id":4054,"date":"2020-07-12T10:30:16","date_gmt":"2020-07-12T16:30:16","guid":{"rendered":"https:\/\/bnbbythebeach.com\/?page_id=4054"},"modified":"2024-08-06T15:19:26","modified_gmt":"2024-08-06T21:19:26","slug":"politica-general-cancelacion","status":"publish","type":"page","link":"https:\/\/bnbbythebeach.com\/es\/jardin-de-los-monos-bed-and-breakfast-costa-rica\/politica-general-cancelacion\/","title":{"rendered":"Pol\u00edtica general y de cancelaci\u00f3n"},"content":{"rendered":"<p>[et_pb_section fb_built=\u00bb1&#8243; fullwidth=\u00bbon\u00bb _builder_version=\u00bb4.16&#8243; global_colors_info=\u00bb{}\u00bb][et_pb_fullwidth_slider show_arrows=\u00bboff\u00bb show_pagination=\u00bboff\u00bb _builder_version=\u00bb4.16&#8243; header_level=\u00bbh1&#8243; header_font=\u00bb||||||||\u00bb body_font_size=\u00bb20&#8243; background_image=\u00bbhttps:\/\/bnbbythebeach.com\/jdlm\/wp-content\/uploads\/2018\/11\/hero-sol.jpg\u00bb text_orientation=\u00bbleft\u00bb custom_padding=\u00bb20%|40%|5%|0%\u00bb custom_padding_tablet=\u00bb20%|25%|5%|0%\u00bb custom_padding_phone=\u00bb0%|0%|5%|0%\u00bb custom_padding_last_edited=\u00bbon|desktop\u00bb header_font_size_tablet=\u00bb\u00bb header_font_size_phone=\u00bb34px\u00bb header_font_size_last_edited=\u00bbon|phone\u00bb global_colors_info=\u00bb{}\u00bb button_text_size__hover_enabled=\u00bboff\u00bb button_text_size__hover=\u00bbnull\u00bb button_one_text_size__hover_enabled=\u00bboff\u00bb button_one_text_size__hover=\u00bbnull\u00bb button_two_text_size__hover_enabled=\u00bboff\u00bb button_two_text_size__hover=\u00bbnull\u00bb button_text_color__hover_enabled=\u00bboff\u00bb button_text_color__hover=\u00bbnull\u00bb button_one_text_color__hover_enabled=\u00bboff\u00bb button_one_text_color__hover=\u00bbnull\u00bb button_two_text_color__hover_enabled=\u00bboff\u00bb button_two_text_color__hover=\u00bbnull\u00bb button_border_width__hover_enabled=\u00bboff\u00bb button_border_width__hover=\u00bbnull\u00bb button_one_border_width__hover_enabled=\u00bboff\u00bb button_one_border_width__hover=\u00bbnull\u00bb button_two_border_width__hover_enabled=\u00bboff\u00bb button_two_border_width__hover=\u00bbnull\u00bb button_border_color__hover_enabled=\u00bboff\u00bb button_border_color__hover=\u00bbnull\u00bb button_one_border_color__hover_enabled=\u00bboff\u00bb button_one_border_color__hover=\u00bbnull\u00bb button_two_border_color__hover_enabled=\u00bboff\u00bb button_two_border_color__hover=\u00bbnull\u00bb button_border_radius__hover_enabled=\u00bboff\u00bb button_border_radius__hover=\u00bbnull\u00bb button_one_border_radius__hover_enabled=\u00bboff\u00bb button_one_border_radius__hover=\u00bbnull\u00bb button_two_border_radius__hover_enabled=\u00bboff\u00bb button_two_border_radius__hover=\u00bbnull\u00bb button_letter_spacing__hover_enabled=\u00bboff\u00bb button_letter_spacing__hover=\u00bbnull\u00bb button_one_letter_spacing__hover_enabled=\u00bboff\u00bb button_one_letter_spacing__hover=\u00bbnull\u00bb button_two_letter_spacing__hover_enabled=\u00bboff\u00bb button_two_letter_spacing__hover=\u00bbnull\u00bb button_bg_color__hover_enabled=\u00bboff\u00bb button_bg_color__hover=\u00bbnull\u00bb button_one_bg_color__hover_enabled=\u00bboff\u00bb button_one_bg_color__hover=\u00bbnull\u00bb button_two_bg_color__hover_enabled=\u00bboff\u00bb button_two_bg_color__hover=\u00bbnull\u00bb][et_pb_slide heading=\u00bbPol\u00edtica General y de Cancelaci\u00f3n\u00bb button_link=\u00bbhttps:\/\/bnbbythebeach.com\/jardin-de-los-monos-bed-and-breakfast-costa-rica\/\u00bb use_bg_overlay=\u00bboff\u00bb use_text_overlay=\u00bbon\u00bb text_overlay_color=\u00bbrgba(35,31,32,0.7)\u00bb _builder_version=\u00bb4.16&#8243; background_color=\u00bb#ffffff\u00bb button_on_hover=\u00bbon\u00bb custom_padding_tablet=\u00bb||30px|\u00bb custom_padding_phone=\u00bb||30px|\u00bb text_shadow_style=\u00bbpreset4&#8243; global_colors_info=\u00bb{}\u00bb button_text_size__hover_enabled=\u00bboff\u00bb button_one_text_size__hover_enabled=\u00bboff\u00bb button_two_text_size__hover_enabled=\u00bboff\u00bb button_text_color__hover_enabled=\u00bboff\u00bb button_one_text_color__hover_enabled=\u00bboff\u00bb button_two_text_color__hover_enabled=\u00bboff\u00bb button_border_width__hover_enabled=\u00bboff\u00bb button_one_border_width__hover_enabled=\u00bboff\u00bb button_two_border_width__hover_enabled=\u00bboff\u00bb button_border_color__hover_enabled=\u00bboff\u00bb button_one_border_color__hover_enabled=\u00bboff\u00bb button_two_border_color__hover_enabled=\u00bboff\u00bb button_border_radius__hover_enabled=\u00bboff\u00bb button_one_border_radius__hover_enabled=\u00bboff\u00bb button_two_border_radius__hover_enabled=\u00bboff\u00bb button_letter_spacing__hover_enabled=\u00bboff\u00bb button_one_letter_spacing__hover_enabled=\u00bboff\u00bb button_two_letter_spacing__hover_enabled=\u00bboff\u00bb button_bg_color__hover_enabled=\u00bboff\u00bb button_one_bg_color__hover_enabled=\u00bboff\u00bb button_two_bg_color__hover_enabled=\u00bboff\u00bb sticky_transition=\u00bbon\u00bb]Bed and Breakfast Jard\u00edn de los Monos<br \/>\n[\/et_pb_slide][\/et_pb_fullwidth_slider][\/et_pb_section][et_pb_section fb_built=\u00bb1&#8243; _builder_version=\u00bb4.16&#8243; global_colors_info=\u00bb{}\u00bb][et_pb_row _builder_version=\u00bb4.16&#8243; background_size=\u00bbinitial\u00bb background_position=\u00bbtop_left\u00bb background_repeat=\u00bbrepeat\u00bb custom_padding=\u00bb11px|0px|27px|0px\u00bb global_colors_info=\u00bb{}\u00bb][et_pb_column type=\u00bb4_4&#8243; _builder_version=\u00bb4.16&#8243; custom_padding=\u00bb|||\u00bb global_colors_info=\u00bb{}\u00bb custom_padding__hover=\u00bb|||\u00bb][et_pb_text _builder_version=\u00bb4.16&#8243; text_orientation=\u00bbcenter\u00bb max_width=\u00bb80%\u00bb max_width_tablet=\u00bb\u00bb max_width_phone=\u00bb100%\u00bb max_width_last_edited=\u00bbon|phone\u00bb module_alignment=\u00bbcenter\u00bb custom_margin=\u00bb||10px|\u00bb global_colors_info=\u00bb{}\u00bb]<\/p>\n<h2 style=\"text-align: left;\">Pol\u00edtica General<\/h2>\n<p>[\/et_pb_text][et_pb_divider show_divider=\u00bboff\u00bb _builder_version=\u00bb4.16&#8243; max_width=\u00bb8%\u00bb module_alignment=\u00bbcenter\u00bb height=\u00bb4px\u00bb custom_margin=\u00bb18px|||\u00bb custom_padding=\u00bb|||\u00bb filter_brightness=\u00bb96%\u00bb global_colors_info=\u00bb{}\u00bb][\/et_pb_divider][et_pb_text _builder_version=\u00bb4.19.4&#8243; text_font_size=\u00bb16px\u00bb header_font=\u00bb||||||||\u00bb header_2_font=\u00bb||||||||\u00bb text_orientation=\u00bbcenter\u00bb max_width=\u00bb80%\u00bb max_width_tablet=\u00bb\u00bb max_width_phone=\u00bb100%\u00bb max_width_last_edited=\u00bbon|phone\u00bb module_alignment=\u00bbcenter\u00bb custom_padding=\u00bb||0px|||\u00bb hover_enabled=\u00bb0&#8243; global_colors_info=\u00bb{}\u00bb sticky_enabled=\u00bb0&#8243;]<\/p>\n<ul>\n<li style=\"text-align: left;\"><strong>Check-in entre 14:00\u201318:00<\/strong>. \u00bfNo puede llegar a tiempo? Ofrecemos un auto check-in opci\u00f3n cuando llega entre 18:00\u201321:00. <strong>\u00a1Pero esto solo es posible si nos contactas antes!<\/strong> Check-in despu\u00e9s de 21:00 no es posible.<\/li>\n<li style=\"text-align: left;\">No se permiten beb\u00e9s y ni\u00f1os peque\u00f1os; Con el fin de brindar a nuestros hu\u00e9spedes un ambiente tranquilo y relajado, <strong>solo permitimos ni\u00f1os a partir de los 15 a\u00f1os. <\/strong> Queremos recomendar a todas las personas que viajen en Costa Rica con beb\u00e9s y ni\u00f1os peque\u00f1os que los agreguen al hacer una reserva en plataformas como Booking.com, AirBnB, Expedia, Hotels.com, etc. No hacerlo puede causar molestias innecesarias y p\u00e9rdidas financieras, porque muchos hoteles y B&amp;B en Costa Rica tienen restricciones de edad, y su reserva solo se confirma para la ocupaci\u00f3n (adultos, ni\u00f1os, beb\u00e9s) que reserv\u00f3. Al agregar a sus beb\u00e9s y ni\u00f1os correctamente en estas plataformas, ver\u00e1 que no puede reservar hoteles y B&amp;B con restricciones de edad que no se ajusten a su grupo (como nuestro B&amp;B).<\/li>\n<li style=\"text-align: left;\"><strong>M\u00e1ximo 2 personas en una habitaci\u00f3n<\/strong> (independientemente de la edad).<\/li>\n<li style=\"text-align: left;\">El horario de silencio es entre las 21:00 y las 7:00 horas.<\/li>\n<li style=\"text-align: left;\">No se admiten mascotas, pero puede \u00abpedir prestado\u00bb nuestro adorable perro y 2 gatos ;-).<\/li>\n<li style=\"text-align: left;\">Pago en el hotel en efectivo o con tarjeta de cr\u00e9dito (Visa, Mastercard, American Express, Discover, Diners Club, JCB).<\/li>\n<li style=\"text-align: left;\">Salida antes de las 11:00.<\/li>\n<li style=\"text-align: left;\"><strong>Playa Matapalo no es adecuada para viajar en transporte p\u00fablico<\/strong>. La parada de autob\u00fas es una caminata larga y puede ser pesada con el clima que tenemos aqu\u00ed. Playa Matapalo no tiene cajeros autom\u00e1ticos ni taxis. Por favor, consulte nuestras <a href=\"https:\/\/bnbbythebeach.com\/es\/playa-matapalo-costa-rica\/alquiler-coches\/\" target=\"_blank\" rel=\"noopener\">recomendaciones de alquiler de veh\u00edculos<\/a>.<\/li>\n<\/ul>\n<p>[\/et_pb_text][\/et_pb_column][\/et_pb_row][et_pb_row _builder_version=\u00bb4.16&#8243; background_size=\u00bbinitial\u00bb background_position=\u00bbtop_left\u00bb background_repeat=\u00bbrepeat\u00bb custom_padding=\u00bb11px|0px|27px|0px\u00bb global_colors_info=\u00bb{}\u00bb][et_pb_column type=\u00bb4_4&#8243; _builder_version=\u00bb4.16&#8243; custom_padding=\u00bb|||\u00bb global_colors_info=\u00bb{}\u00bb custom_padding__hover=\u00bb|||\u00bb][et_pb_text _builder_version=\u00bb4.23.1&#8243; text_orientation=\u00bbcenter\u00bb max_width=\u00bb80%\u00bb max_width_tablet=\u00bb\u00bb max_width_phone=\u00bb100%\u00bb max_width_last_edited=\u00bbon|phone\u00bb module_alignment=\u00bbcenter\u00bb custom_margin=\u00bb||10px|\u00bb global_colors_info=\u00bb{}\u00bb]<\/p>\n<h2 style=\"text-align: left;\">Pol\u00edtica de cancelaci\u00f3n est\u00e1ndar y pago anticipado<\/h2>\n<p>[\/et_pb_text][et_pb_divider show_divider=\u00bboff\u00bb _builder_version=\u00bb4.16&#8243; max_width=\u00bb8%\u00bb module_alignment=\u00bbcenter\u00bb height=\u00bb4px\u00bb custom_margin=\u00bb18px|||\u00bb custom_padding=\u00bb|||\u00bb filter_brightness=\u00bb96%\u00bb global_colors_info=\u00bb{}\u00bb][\/et_pb_divider][et_pb_text _builder_version=\u00bb4.26.0&#8243; text_font_size=\u00bb16px\u00bb header_font=\u00bb||||||||\u00bb header_2_font=\u00bb||||||||\u00bb text_orientation=\u00bbcenter\u00bb max_width=\u00bb80%\u00bb max_width_tablet=\u00bb\u00bb max_width_phone=\u00bb100%\u00bb max_width_last_edited=\u00bbon|phone\u00bb module_alignment=\u00bbcenter\u00bb hover_enabled=\u00bb0&#8243; global_colors_info=\u00bb{}\u00bb sticky_enabled=\u00bb0&#8243;]<\/p>\n<h3 style=\"text-align: left;\">Para estancias de hasta 10 noches, hasta 3 habitaciones:<\/h3>\n<p style=\"text-align: left;\"><strong>Temporada Alta: 1 de noviembre al 30 de abril<\/strong><\/p>\n<ul>\n<li style=\"text-align: left;\">El hu\u00e9sped puede cancelar sin cargo hasta 30 d\u00edas antes de la llegada. Se cobrar\u00e1 el 50% en caso de cancelaci\u00f3n\/modificaci\u00f3n dentro de los 30 d\u00edas de su llegada. Se cobrar\u00e1 el 100% en caso de no presentarse o al realizar modificaciones durante la estancia.<\/li>\n<li style=\"text-align: left;\">No hay pago por adelantado hasta 30 d\u00edas antes de la llegada, pero dentro de los 30 d\u00edas antes de la llegada, podemos cobrar el 50% del valor de la reserva.<\/li>\n<li style=\"text-align: left;\">Estas condiciones pueden no aplicarse a las tarifas promocionales. Las posibles condiciones diferentes se mencionar\u00e1n con la tarifa.<\/li>\n<\/ul>\n<p style=\"text-align: left;\"><strong>Temporada baja: 1 de mayo al 31 de octubre<\/strong><\/p>\n<ul>\n<li style=\"text-align: left;\">El hu\u00e9sped puede cancelar de forma gratuita hasta 3 d\u00edas antes de la llegada. El precio total se cobrar\u00e1 en caso de cancelaci\u00f3n dentro de los 3 d\u00edas posteriores a la llegada, en caso de no presentarse o al realizar modificaciones durante la estancia.<\/li>\n<li style=\"text-align: left;\">No se necesita prepago.<\/li>\n<li style=\"text-align: left;\">Estas condiciones pueden no aplicarse a las tarifas promocionales. Las posibles condiciones diferentes se mencionar\u00e1n con la tarifa.<\/li>\n<\/ul>\n<h3 style=\"text-align: left;\">Para estancias superiores a 10 noches, hasta 3 habitaciones:<\/h3>\n<p style=\"text-align: left;\"><strong>V\u00e1lido todo el a\u00f1o<\/strong><\/p>\n<ul>\n<li style=\"text-align: left;\">Se requiere un prepago del 50% (no reembolsable) para confirmar la reserva. Se cobrar\u00e1 el 100% en caso de no presentarse o al realizar modificaciones durante la estancia.<\/li>\n<\/ul>\n<h3 style=\"text-align: left;\">Todas las reservas de 4 habitaciones o m\u00e1s:<\/h3>\n<p style=\"text-align: left;\"><strong>V\u00e1lido todo el a\u00f1o<\/strong><\/p>\n<ul>\n<li style=\"text-align: left;\">El hu\u00e9sped puede cancelar sin coste alguno hasta 60 d\u00edas antes de la llegada. Una vez transcurrido el plazo de cancelaci\u00f3n sin coste se cargar\u00e1 un prepago del 100% (no reembolsable).<\/li>\n<\/ul>\n<p>[\/et_pb_text][\/et_pb_column][\/et_pb_row][\/et_pb_section]<\/p>\n","protected":false},"excerpt":{"rendered":"<p>Bed and Breakfast Jard\u00edn de los Monos Pol\u00edtica General Check-in entre 14:00\u201318:00. \u00bfNo puede llegar a tiempo? Ofrecemos un auto check-in opci\u00f3n cuando llega entre 18:00\u201321:00. \u00a1Pero esto solo es posible si nos contactas antes! Check-in despu\u00e9s de 21:00 no es posible. No se permiten beb\u00e9s y ni\u00f1os peque\u00f1os; Con el fin de brindar a [&hellip;]<\/p>\n","protected":false},"author":1,"featured_media":0,"parent":4062,"menu_order":15,"comment_status":"closed","ping_status":"closed","template":"","meta":{"_et_pb_use_builder":"on","_et_pb_old_content":"<p>[et_pb_section fb_built=\"1\" fullwidth=\"on\" _builder_version=\"3.22\"][et_pb_fullwidth_slider show_arrows=\"off\" show_pagination=\"off\" _builder_version=\"3.26.6\" header_level=\"h1\" header_font=\"||||||||\" body_font_size=\"20\" background_image=\"https:\/\/bnbbythebeach.com\/jdlm\/wp-content\/uploads\/2018\/11\/hero-sol.jpg\" text_orientation=\"left\" custom_padding=\"20%|40%|5%|0%\" custom_padding_tablet=\"20%|25%|5%|0%\" custom_padding_phone=\"0%|0%|5%|0%\" custom_padding_last_edited=\"on|desktop\" header_font_size_tablet=\"\" header_font_size_phone=\"34px\" header_font_size_last_edited=\"on|phone\" button_text_size__hover_enabled=\"off\" button_text_size__hover=\"null\" button_one_text_size__hover_enabled=\"off\" button_one_text_size__hover=\"null\" button_two_text_size__hover_enabled=\"off\" button_two_text_size__hover=\"null\" button_text_color__hover_enabled=\"off\" button_text_color__hover=\"null\" button_one_text_color__hover_enabled=\"off\" button_one_text_color__hover=\"null\" button_two_text_color__hover_enabled=\"off\" button_two_text_color__hover=\"null\" button_border_width__hover_enabled=\"off\" button_border_width__hover=\"null\" button_one_border_width__hover_enabled=\"off\" button_one_border_width__hover=\"null\" button_two_border_width__hover_enabled=\"off\" button_two_border_width__hover=\"null\" button_border_color__hover_enabled=\"off\" button_border_color__hover=\"null\" button_one_border_color__hover_enabled=\"off\" button_one_border_color__hover=\"null\" button_two_border_color__hover_enabled=\"off\" button_two_border_color__hover=\"null\" button_border_radius__hover_enabled=\"off\" button_border_radius__hover=\"null\" button_one_border_radius__hover_enabled=\"off\" button_one_border_radius__hover=\"null\" button_two_border_radius__hover_enabled=\"off\" button_two_border_radius__hover=\"null\" button_letter_spacing__hover_enabled=\"off\" button_letter_spacing__hover=\"null\" button_one_letter_spacing__hover_enabled=\"off\" button_one_letter_spacing__hover=\"null\" button_two_letter_spacing__hover_enabled=\"off\" button_two_letter_spacing__hover=\"null\" button_bg_color__hover_enabled=\"off\" button_bg_color__hover=\"null\" button_one_bg_color__hover_enabled=\"off\" button_one_bg_color__hover=\"null\" button_two_bg_color__hover_enabled=\"off\" button_two_bg_color__hover=\"null\"][et_pb_slide heading=\"General & Cancellation Policy\" button_link=\"https:\/\/bnbbythebeach.com\/jardin-de-los-monos-bed-and-breakfast-costa-rica\/\" use_bg_overlay=\"off\" use_text_overlay=\"on\" text_overlay_color=\"rgba(35,31,32,0.7)\" _builder_version=\"3.26.6\" background_color=\"#ffffff\" button_on_hover=\"on\" custom_padding_tablet=\"||30px|\" custom_padding_phone=\"||30px|\" text_shadow_style=\"preset4\" button_text_size__hover_enabled=\"off\" button_one_text_size__hover_enabled=\"off\" button_two_text_size__hover_enabled=\"off\" button_text_color__hover_enabled=\"off\" button_one_text_color__hover_enabled=\"off\" button_two_text_color__hover_enabled=\"off\" button_border_width__hover_enabled=\"off\" button_one_border_width__hover_enabled=\"off\" button_two_border_width__hover_enabled=\"off\" button_border_color__hover_enabled=\"off\" button_one_border_color__hover_enabled=\"off\" button_two_border_color__hover_enabled=\"off\" button_border_radius__hover_enabled=\"off\" button_one_border_radius__hover_enabled=\"off\" button_two_border_radius__hover_enabled=\"off\" button_letter_spacing__hover_enabled=\"off\" button_one_letter_spacing__hover_enabled=\"off\" button_two_letter_spacing__hover_enabled=\"off\" button_bg_color__hover_enabled=\"off\" button_one_bg_color__hover_enabled=\"off\" button_two_bg_color__hover_enabled=\"off\"]<\/p><p>Bed and Breakfast Jard\u00edn de los Monos<\/p><p>[\/et_pb_slide][\/et_pb_fullwidth_slider][\/et_pb_section][et_pb_section fb_built=\"1\" _builder_version=\"3.22\"][et_pb_row _builder_version=\"3.25\" background_size=\"initial\" background_position=\"top_left\" background_repeat=\"repeat\" custom_padding=\"11px|0px|27px|0px\"][et_pb_column type=\"4_4\" _builder_version=\"3.25\" custom_padding=\"|||\" custom_padding__hover=\"|||\"][et_pb_text _builder_version=\"3.27.4\" text_orientation=\"center\" max_width=\"80%\" max_width_tablet=\"\" max_width_phone=\"100%\" max_width_last_edited=\"on|phone\" module_alignment=\"center\" custom_margin=\"||10px|\"]<\/p><h2 style=\"text-align: left;\">General Policy<\/h2><p>[\/et_pb_text][et_pb_divider show_divider=\"off\" _builder_version=\"3.2\" max_width=\"8%\" module_alignment=\"center\" height=\"4px\" custom_margin=\"18px|||\" custom_padding=\"|||\" filter_brightness=\"96%\"][\/et_pb_divider][et_pb_text _builder_version=\"4.4.7\" text_font_size=\"16px\" header_font=\"||||||||\" header_2_font=\"||||||||\" text_orientation=\"center\" max_width=\"80%\" max_width_tablet=\"\" max_width_phone=\"100%\" max_width_last_edited=\"on|phone\" module_alignment=\"center\" custom_padding=\"||0px|||\"]<\/p><ul><li style=\"text-align: left;\">Nightly rates are lower when booking 2 nights or longer (we recommend people to stay at least 2 nights to get the full experience of this beautiful place).<\/li><li style=\"text-align: left;\">Breakfast included in the room price.<\/li><li style=\"text-align: left;\">Check-in between 2-6 pm (14:00-18:00); this means your reservation is confirmed for check-in before 6pm. Please contact us in case you want to arrive later (because otherwise the room is open for possible other guests from 6pm). In some cases we can make an exception; however, no exceptions are made for check-ins later than 8 pm.<\/li><li style=\"text-align: left;\">We added the Adults Only policy to our concept to provide our guests a tranquil environment. Your booking is for 1 or 2 adults: from 15 years and older (no babies or young children).<\/li><li style=\"text-align: left;\">Maximum 2 persons in a room (regardless the age).<\/li><li style=\"text-align: left;\">No pets allowed, but you can \u2018borrow\u2019 our sweet dog and 2 cats ;-).<\/li><li style=\"text-align: left;\">Payment at the hotel by Cash or Credit Card (Visa, Mastercard, American Express, Discover, Diners Club, JCB).<\/li><li style=\"text-align: left;\">Check-out before 11 am (11:00).<\/li><\/ul><p>[\/et_pb_text][\/et_pb_column][\/et_pb_row][et_pb_row _builder_version=\"3.25\" background_size=\"initial\" background_position=\"top_left\" background_repeat=\"repeat\" custom_padding=\"11px|0px|27px|0px\"][et_pb_column type=\"4_4\" _builder_version=\"3.25\" custom_padding=\"|||\" custom_padding__hover=\"|||\"][et_pb_text _builder_version=\"3.27.4\" text_orientation=\"center\" max_width=\"80%\" max_width_tablet=\"\" max_width_phone=\"100%\" max_width_last_edited=\"on|phone\" module_alignment=\"center\" custom_margin=\"||10px|\"]<\/p><h2 style=\"text-align: left;\">Cancellation Policy<\/h2><p>[\/et_pb_text][et_pb_divider show_divider=\"off\" _builder_version=\"3.2\" max_width=\"8%\" module_alignment=\"center\" height=\"4px\" custom_margin=\"18px|||\" custom_padding=\"|||\" filter_brightness=\"96%\"][\/et_pb_divider][et_pb_text _builder_version=\"4.4.7\" text_font_size=\"16px\" header_font=\"||||||||\" header_2_font=\"||||||||\" text_orientation=\"center\" max_width=\"80%\" max_width_tablet=\"\" max_width_phone=\"100%\" max_width_last_edited=\"on|phone\" module_alignment=\"center\"]<\/p><p style=\"text-align: left;\"><strong>Low Season 2020 (May 1st to December 19th)<\/strong><\/p><ul><li style=\"text-align: left;\">The guest can cancel free of charge until 3 days before arrival. The full price will be charged in case of cancellation within 3 days of arrival, no show or when making modifications during the stay.<\/li><li style=\"text-align: left;\">No prepayment is needed.<\/li><li style=\"text-align: left;\">These conditions may not apply for promotional rates. The possible different conditions will be mentioned with the rate.<\/li><\/ul><p style=\"text-align: left;\"><strong>High Season 2021 (December 20th 2020 to April 30th 2021)<\/strong><\/p><ul><li style=\"text-align: left;\">The guest can cancel free of charge until 60 days before arrival. 50% will be charged in case of cancellation within 60 days of arrival. 100% will be charged in case of no show or when making modifications during the stay.<\/li><li style=\"text-align: left;\">No prepayment is needed.<\/li><li style=\"text-align: left;\">These conditions may not apply for promotional rates. The possible different conditions will be mentioned with the rate.<\/li><\/ul><p style=\"text-align: left;\"><strong>Low Season 2021 (May 1st to December 12th)<\/strong><\/p><ul><li style=\"text-align: left;\">The guest can cancel free of charge until 3 days before arrival. The full price will be charged in case of cancellation within 3 days of arrival, no show or when making modifications during the stay.<\/li><li style=\"text-align: left;\">No prepayment is needed.<\/li><li style=\"text-align: left;\">These conditions may not apply for promotional rates. The possible different conditions will be mentioned with the rate.<\/li><\/ul><p>[\/et_pb_text][\/et_pb_column][\/et_pb_row][\/et_pb_section]<\/p>","_et_gb_content_width":"","footnotes":""},"class_list":["post-4054","page","type-page","status-publish","hentry"],"yoast_head":"<!-- This site is optimized with the Yoast SEO plugin v27.4 - https:\/\/yoast.com\/product\/yoast-seo-wordpress\/ -->\n<title>Pol\u00edtica general y de cancelaci\u00f3n - Costa Rica Bed and Breakfast | B&amp;B Jard\u00edn de los Monos, Playa Matapalo<\/title>\n<meta name=\"description\" content=\"Lea aqu\u00ed nuestra pol\u00edtica general y de cancelaci\u00f3n.\" \/>\n<meta name=\"robots\" content=\"index, follow, max-snippet:-1, max-image-preview:large, max-video-preview:-1\" \/>\n<link rel=\"canonical\" href=\"https:\/\/bnbbythebeach.com\/es\/jardin-de-los-monos-bed-and-breakfast-costa-rica\/politica-general-cancelacion\/\" \/>\n<meta property=\"og:locale\" content=\"es_ES\" \/>\n<meta property=\"og:type\" content=\"article\" \/>\n<meta property=\"og:title\" content=\"Pol\u00edtica general y de cancelaci\u00f3n - Costa Rica Bed and Breakfast | B&amp;B Jard\u00edn de los Monos, Playa Matapalo\" \/>\n<meta property=\"og:description\" content=\"Lea aqu\u00ed nuestra pol\u00edtica general y de cancelaci\u00f3n.\" \/>\n<meta property=\"og:url\" content=\"https:\/\/bnbbythebeach.com\/es\/jardin-de-los-monos-bed-and-breakfast-costa-rica\/politica-general-cancelacion\/\" \/>\n<meta property=\"og:site_name\" content=\"Costa Rica Bed and Breakfast | B&amp;B Jard\u00edn de los Monos, Playa Matapalo\" \/>\n<meta property=\"article:publisher\" content=\"https:\/\/www.facebook.com\/BnBbytheBeach\/\" \/>\n<meta property=\"article:modified_time\" content=\"2024-08-06T21:19:26+00:00\" \/>\n<meta name=\"twitter:card\" content=\"summary_large_image\" \/>\n<meta name=\"twitter:site\" content=\"@JardinMonos\" \/>\n<meta name=\"twitter:label1\" content=\"Tiempo de lectura\" \/>\n\t<meta name=\"twitter:data1\" content=\"7 minutos\" \/>\n<script type=\"application\/ld+json\" class=\"yoast-schema-graph\">{\"@context\":\"https:\\\/\\\/schema.org\",\"@graph\":[{\"@type\":\"WebPage\",\"@id\":\"https:\\\/\\\/bnbbythebeach.com\\\/es\\\/jardin-de-los-monos-bed-and-breakfast-costa-rica\\\/politica-general-cancelacion\\\/\",\"url\":\"https:\\\/\\\/bnbbythebeach.com\\\/es\\\/jardin-de-los-monos-bed-and-breakfast-costa-rica\\\/politica-general-cancelacion\\\/\",\"name\":\"Pol\u00edtica general y de cancelaci\u00f3n - Costa Rica Bed and Breakfast | B&amp;B Jard\u00edn de los Monos, Playa Matapalo\",\"isPartOf\":{\"@id\":\"https:\\\/\\\/bnbbythebeach.com\\\/es\\\/#website\"},\"datePublished\":\"2020-07-12T16:30:16+00:00\",\"dateModified\":\"2024-08-06T21:19:26+00:00\",\"description\":\"Lea aqu\u00ed nuestra pol\u00edtica general y de cancelaci\u00f3n.\",\"breadcrumb\":{\"@id\":\"https:\\\/\\\/bnbbythebeach.com\\\/es\\\/jardin-de-los-monos-bed-and-breakfast-costa-rica\\\/politica-general-cancelacion\\\/#breadcrumb\"},\"inLanguage\":\"es\",\"potentialAction\":[{\"@type\":\"ReadAction\",\"target\":[\"https:\\\/\\\/bnbbythebeach.com\\\/es\\\/jardin-de-los-monos-bed-and-breakfast-costa-rica\\\/politica-general-cancelacion\\\/\"]}]},{\"@type\":\"BreadcrumbList\",\"@id\":\"https:\\\/\\\/bnbbythebeach.com\\\/es\\\/jardin-de-los-monos-bed-and-breakfast-costa-rica\\\/politica-general-cancelacion\\\/#breadcrumb\",\"itemListElement\":[{\"@type\":\"ListItem\",\"position\":1,\"name\":\"Home\",\"item\":\"https:\\\/\\\/bnbbythebeach.com\\\/es\\\/\"},{\"@type\":\"ListItem\",\"position\":2,\"name\":\"Acerca de B&#038;B Jard\u00ed\u00adn de los Monos, Matapalo | Bed and Breakfast Costa Rica\",\"item\":\"https:\\\/\\\/bnbbythebeach.com\\\/es\\\/jardin-de-los-monos-bed-and-breakfast-costa-rica\\\/\"},{\"@type\":\"ListItem\",\"position\":3,\"name\":\"Pol\u00edtica general y de cancelaci\u00f3n\"}]},{\"@type\":\"WebSite\",\"@id\":\"https:\\\/\\\/bnbbythebeach.com\\\/es\\\/#website\",\"url\":\"https:\\\/\\\/bnbbythebeach.com\\\/es\\\/\",\"name\":\"Costa Rica Bed and Breakfast | B&amp;B Jard\u00edn de los Monos, Playa Matapalo\",\"description\":\"Recharge in serene nature at an unspoiled beach\",\"publisher\":{\"@id\":\"https:\\\/\\\/bnbbythebeach.com\\\/es\\\/#organization\"},\"potentialAction\":[{\"@type\":\"SearchAction\",\"target\":{\"@type\":\"EntryPoint\",\"urlTemplate\":\"https:\\\/\\\/bnbbythebeach.com\\\/es\\\/?s={search_term_string}\"},\"query-input\":{\"@type\":\"PropertyValueSpecification\",\"valueRequired\":true,\"valueName\":\"search_term_string\"}}],\"inLanguage\":\"es\"},{\"@type\":\"Organization\",\"@id\":\"https:\\\/\\\/bnbbythebeach.com\\\/es\\\/#organization\",\"name\":\"B&B Jard\u00edn de los Monos\",\"url\":\"https:\\\/\\\/bnbbythebeach.com\\\/es\\\/\",\"logo\":{\"@type\":\"ImageObject\",\"inLanguage\":\"es\",\"@id\":\"https:\\\/\\\/bnbbythebeach.com\\\/es\\\/#\\\/schema\\\/logo\\\/image\\\/\",\"url\":\"https:\\\/\\\/bnbbythebeach.com\\\/jdlm\\\/wp-content\\\/uploads\\\/2018\\\/04\\\/JdlM.png\",\"contentUrl\":\"https:\\\/\\\/bnbbythebeach.com\\\/jdlm\\\/wp-content\\\/uploads\\\/2018\\\/04\\\/JdlM.png\",\"width\":581,\"height\":548,\"caption\":\"B&B Jard\u00edn de los Monos\"},\"image\":{\"@id\":\"https:\\\/\\\/bnbbythebeach.com\\\/es\\\/#\\\/schema\\\/logo\\\/image\\\/\"},\"sameAs\":[\"https:\\\/\\\/www.facebook.com\\\/BnBbytheBeach\\\/\",\"https:\\\/\\\/x.com\\\/JardinMonos\",\"https:\\\/\\\/www.instagram.com\\\/jardindelosmonos\",\"https:\\\/\\\/www.youtube.com\\\/channel\\\/UCceXfHklvm7JkKrtpow0ryA\"]}]}<\/script>\n<!-- \/ Yoast SEO plugin. -->","yoast_head_json":{"title":"Pol\u00edtica general y de cancelaci\u00f3n - Costa Rica Bed and Breakfast | B&amp;B Jard\u00edn de los Monos, Playa Matapalo","description":"Lea aqu\u00ed nuestra pol\u00edtica general y de cancelaci\u00f3n.","robots":{"index":"index","follow":"follow","max-snippet":"max-snippet:-1","max-image-preview":"max-image-preview:large","max-video-preview":"max-video-preview:-1"},"canonical":"https:\/\/bnbbythebeach.com\/es\/jardin-de-los-monos-bed-and-breakfast-costa-rica\/politica-general-cancelacion\/","og_locale":"es_ES","og_type":"article","og_title":"Pol\u00edtica general y de cancelaci\u00f3n - Costa Rica Bed and Breakfast | B&amp;B Jard\u00edn de los Monos, Playa Matapalo","og_description":"Lea aqu\u00ed nuestra pol\u00edtica general y de cancelaci\u00f3n.","og_url":"https:\/\/bnbbythebeach.com\/es\/jardin-de-los-monos-bed-and-breakfast-costa-rica\/politica-general-cancelacion\/","og_site_name":"Costa Rica Bed and Breakfast | B&amp;B Jard\u00edn de los Monos, Playa Matapalo","article_publisher":"https:\/\/www.facebook.com\/BnBbytheBeach\/","article_modified_time":"2024-08-06T21:19:26+00:00","twitter_card":"summary_large_image","twitter_site":"@JardinMonos","twitter_misc":{"Tiempo de lectura":"7 minutos"},"schema":{"@context":"https:\/\/schema.org","@graph":[{"@type":"WebPage","@id":"https:\/\/bnbbythebeach.com\/es\/jardin-de-los-monos-bed-and-breakfast-costa-rica\/politica-general-cancelacion\/","url":"https:\/\/bnbbythebeach.com\/es\/jardin-de-los-monos-bed-and-breakfast-costa-rica\/politica-general-cancelacion\/","name":"Pol\u00edtica general y de cancelaci\u00f3n - Costa Rica Bed and Breakfast | B&amp;B Jard\u00edn de los Monos, Playa Matapalo","isPartOf":{"@id":"https:\/\/bnbbythebeach.com\/es\/#website"},"datePublished":"2020-07-12T16:30:16+00:00","dateModified":"2024-08-06T21:19:26+00:00","description":"Lea aqu\u00ed nuestra pol\u00edtica general y de cancelaci\u00f3n.","breadcrumb":{"@id":"https:\/\/bnbbythebeach.com\/es\/jardin-de-los-monos-bed-and-breakfast-costa-rica\/politica-general-cancelacion\/#breadcrumb"},"inLanguage":"es","potentialAction":[{"@type":"ReadAction","target":["https:\/\/bnbbythebeach.com\/es\/jardin-de-los-monos-bed-and-breakfast-costa-rica\/politica-general-cancelacion\/"]}]},{"@type":"BreadcrumbList","@id":"https:\/\/bnbbythebeach.com\/es\/jardin-de-los-monos-bed-and-breakfast-costa-rica\/politica-general-cancelacion\/#breadcrumb","itemListElement":[{"@type":"ListItem","position":1,"name":"Home","item":"https:\/\/bnbbythebeach.com\/es\/"},{"@type":"ListItem","position":2,"name":"Acerca de B&#038;B Jard\u00ed\u00adn de los Monos, Matapalo | Bed and Breakfast Costa Rica","item":"https:\/\/bnbbythebeach.com\/es\/jardin-de-los-monos-bed-and-breakfast-costa-rica\/"},{"@type":"ListItem","position":3,"name":"Pol\u00edtica general y de cancelaci\u00f3n"}]},{"@type":"WebSite","@id":"https:\/\/bnbbythebeach.com\/es\/#website","url":"https:\/\/bnbbythebeach.com\/es\/","name":"Costa Rica Bed and Breakfast | B&amp;B Jard\u00edn de los Monos, Playa Matapalo","description":"Recharge in serene nature at an unspoiled beach","publisher":{"@id":"https:\/\/bnbbythebeach.com\/es\/#organization"},"potentialAction":[{"@type":"SearchAction","target":{"@type":"EntryPoint","urlTemplate":"https:\/\/bnbbythebeach.com\/es\/?s={search_term_string}"},"query-input":{"@type":"PropertyValueSpecification","valueRequired":true,"valueName":"search_term_string"}}],"inLanguage":"es"},{"@type":"Organization","@id":"https:\/\/bnbbythebeach.com\/es\/#organization","name":"B&B Jard\u00edn de los Monos","url":"https:\/\/bnbbythebeach.com\/es\/","logo":{"@type":"ImageObject","inLanguage":"es","@id":"https:\/\/bnbbythebeach.com\/es\/#\/schema\/logo\/image\/","url":"https:\/\/bnbbythebeach.com\/jdlm\/wp-content\/uploads\/2018\/04\/JdlM.png","contentUrl":"https:\/\/bnbbythebeach.com\/jdlm\/wp-content\/uploads\/2018\/04\/JdlM.png","width":581,"height":548,"caption":"B&B Jard\u00edn de los Monos"},"image":{"@id":"https:\/\/bnbbythebeach.com\/es\/#\/schema\/logo\/image\/"},"sameAs":["https:\/\/www.facebook.com\/BnBbytheBeach\/","https:\/\/x.com\/JardinMonos","https:\/\/www.instagram.com\/jardindelosmonos","https:\/\/www.youtube.com\/channel\/UCceXfHklvm7JkKrtpow0ryA"]}]}},"_links":{"self":[{"href":"https:\/\/bnbbythebeach.com\/es\/wp-json\/wp\/v2\/pages\/4054","targetHints":{"allow":["GET"]}}],"collection":[{"href":"https:\/\/bnbbythebeach.com\/es\/wp-json\/wp\/v2\/pages"}],"about":[{"href":"https:\/\/bnbbythebeach.com\/es\/wp-json\/wp\/v2\/types\/page"}],"author":[{"embeddable":true,"href":"https:\/\/bnbbythebeach.com\/es\/wp-json\/wp\/v2\/users\/1"}],"replies":[{"embeddable":true,"href":"https:\/\/bnbbythebeach.com\/es\/wp-json\/wp\/v2\/comments?post=4054"}],"version-history":[{"count":4,"href":"https:\/\/bnbbythebeach.com\/es\/wp-json\/wp\/v2\/pages\/4054\/revisions"}],"predecessor-version":[{"id":8528,"href":"https:\/\/bnbbythebeach.com\/es\/wp-json\/wp\/v2\/pages\/4054\/revisions\/8528"}],"up":[{"embeddable":true,"href":"https:\/\/bnbbythebeach.com\/es\/wp-json\/wp\/v2\/pages\/4062"}],"wp:attachment":[{"href":"https:\/\/bnbbythebeach.com\/es\/wp-json\/wp\/v2\/media?parent=4054"}],"curies":[{"name":"wp","href":"https:\/\/api.w.org\/{rel}","templated":true}]}}